{"id":1077,"date":"2026-02-17T20:25:12","date_gmt":"2026-02-17T20:25:12","guid":{"rendered":"https:\/\/aspaaug2015.com\/MuSiUni\/?page_id=1077"},"modified":"2026-03-23T16:40:03","modified_gmt":"2026-03-23T16:40:03","slug":"progama-preliminar","status":"publish","type":"page","link":"https:\/\/aspaaug2015.com\/MuSiUni\/progama-preliminar\/","title":{"rendered":"Programa"},"content":{"rendered":"\n<div class=\"wp-block-cover is-style-default coblocks-animate\" style=\"min-height:90px;aspect-ratio:unset;\" data-coblocks-animation=\"slideInBottom\"><span aria-hidden=\"true\" class=\"wp-block-cover__background has-subtle-background-background-color has-background-dim-100 has-background-dim\"><\/span><div class=\"wp-block-cover__inner-container is-layout-constrained wp-block-cover-is-layout-constrained\">\n<p class=\"has-text-align-center has-accent-color has-text-color has-link-color has-montserrat-font-family has-custom-font has-custom-weight has-custom-lineheight wp-elements-40a039def2f5159d8a67e0b756cca2a7\" style=\"font-family:Montserrat;line-height:1;font-weight:600\">C\u00f3digo de vestimenta<\/p>\n\n\n\n<p class=\"has-text-align-center has-accent-color has-text-color has-link-color has-montserrat-font-family has-custom-font has-custom-weight has-custom-lineheight wp-elements-17e35602bfbd015953177463fb0e0069\" style=\"font-family:Montserrat;line-height:2;font-weight:300;font-size:15px\">&#8212;&#8212;&#8212; \/ \/ &#8212;&#8212;&#8212;<\/p>\n\n\n\n<p class=\"has-text-align-center has-primary-color has-text-color has-link-color has-montserrat-font-family has-custom-font has-custom-letterspacing wp-elements-5c6ac2280edd89d5161e229a9e5e8628\" id=\"convoca\" style=\"font-family:Montserrat;letter-spacing:0.5px;font-size:12px\">El <strong><mark style=\"background-color:rgba(0, 0, 0, 0)\" class=\"has-inline-color has-accent-color\">mi\u00e9rcoles 25<\/mark><\/strong> de marzo utiliza una prenda en color morado.<br>El <strong><mark style=\"background-color:rgba(0, 0, 0, 0)\" class=\"has-inline-color has-accent-color\">viernes 27<\/mark><\/strong> de marzo viste con estampados florales.<\/p>\n<\/div><\/div>\n\n\n\n<div class=\"wp-block-cover is-style-default coblocks-animate\" data-coblocks-animation=\"slideInBottom\"><span aria-hidden=\"true\" class=\"wp-block-cover__background has-subtle-background-background-color has-background-dim-100 has-background-dim\"><\/span><div class=\"wp-block-cover__inner-container is-layout-constrained wp-block-cover-is-layout-constrained\">\n<p class=\"has-text-align-center has-montserrat-font-family has-large-font-size has-custom-font has-custom-weight has-custom-lineheight mb-0 pb-0 mt-0 pt-0\" style=\"font-family:Montserrat;line-height:1;font-weight:800\">Mi\u00e9rcoles 25 de marzo<\/p>\n\n\n\n<p class=\"has-text-align-center has-accent-color has-text-color has-link-color has-montserrat-font-family has-custom-font has-custom-weight has-custom-lineheight mb-0 pb-0 mt-0 pt-0 wp-elements-249c050d6096d42bbbb0ef37b4864ce0\" style=\"font-family:Montserrat;line-height:1;font-weight:600\">Auditorio General UG<\/p>\n\n\n\n<figure class=\"wp-block-table is-style-regular\"><table class=\"has-primary-color has-background-background-color has-text-color has-background has-link-color has-fixed-layout\"><tbody><tr><td class=\"has-text-align-left\" data-align=\"left\"><strong>08.30-<\/strong><strong>13.00<\/strong><\/td><td>Registro de asistentes<\/td><\/tr><tr><td class=\"has-text-align-left\" data-align=\"left\"><strong>09.30<\/strong><strong>-10.00<\/strong><\/td><td>Acto Protocolario y ceremonia inaugural<\/td><\/tr><tr><td class=\"has-text-align-left\" data-align=\"left\"><strong>10.00-11.30<\/strong><\/td><td>Panel \u201cRetos del Sindicalismo de Mujeres Universitarias en M\u00e9xico y Am\u00e9rica Latina\u201d<br><br>&#8211; Bertha Gpe. Rodr\u00edguez S\u00e1mano<br>&#8211; Claudia Lizbeth Reyes Montufar<br>&#8211; Mar\u00eda Amalia Monta\u00f1ez Borda<br>&#8211; Miriam Solano Gonz\u00e1lez<\/td><\/tr><tr><td class=\"has-text-align-left\" data-align=\"left\"><strong>11:30-12:00<\/strong><\/td><td>Receso<\/td><\/tr><tr><td class=\"has-text-align-left\" data-align=\"left\"><strong>12:00-13:00<\/strong><\/td><td>Conferencia \u201cLa Lucha Femenina y el Importante Empoderamiento Alcanzado\u201d<br><br>-Mtra. Anabel Pulido L\u00f3pez<\/td><\/tr><tr><td class=\"has-text-align-left\" data-align=\"left\"><strong>13:00-15:00<\/strong><\/td><td>Taller de Empoderamiento para Mujeres. \u00abMujeres que lideran, Poder Femenino que transforma\u00bb<br><br>&#8211; Lily Campuzano<\/td><\/tr><tr><td class=\"has-text-align-left\" data-align=\"left\"><strong>15:00-17:00<\/strong><\/td><td>Comida Libre<\/td><\/tr><tr><td class=\"has-text-align-left\" data-align=\"left\"><strong>17:00-18:30<\/strong><\/td><td>Panel \u201cAgenda Laboral con Perspectiva de G\u00e9nero\u201d<br><br>&#8211; Erika Natalia Ju\u00e1rez Miranda<br>&#8211; Martha L\u00f3pez Almaguer<br>&#8211; Gilda Gonz\u00e1lez Villase\u00f1or<br>&#8211; Elda Due\u00f1as del Toro<br>&#8211; Miriam Rita G\u00f3mez Ramos<\/td><\/tr><tr><td class=\"has-text-align-left\" data-align=\"left\"><strong>19.00-20.00<\/strong><\/td><td>Ballet Folcl\u00f3rico UG<\/td><\/tr><tr><td class=\"has-text-align-left\" data-align=\"left\"><strong>20.00-21.00&nbsp;<\/strong><\/td><td>Estudiantina&nbsp;UG<\/td><\/tr><\/tbody><\/table><\/figure>\n<\/div><\/div>\n\n\n\n<div class=\"wp-block-cover is-style-default coblocks-animate\" style=\"min-height:699px;aspect-ratio:unset;\" data-coblocks-animation=\"slideInBottom\"><span aria-hidden=\"true\" class=\"wp-block-cover__background has-subtle-background-background-color has-background-dim-100 has-background-dim\"><\/span><div class=\"wp-block-cover__inner-container is-layout-constrained wp-block-cover-is-layout-constrained\">\n<p class=\"has-text-align-center has-montserrat-font-family has-large-font-size has-custom-font has-custom-weight has-custom-lineheight mb-0 pb-0 mt-0 pt-0\" style=\"font-family:Montserrat;line-height:1;font-weight:800\">Jueves 26 de marzo<\/p>\n\n\n\n<p class=\"has-text-align-center has-accent-color has-text-color has-link-color has-montserrat-font-family has-custom-font has-custom-weight has-custom-lineheight mb-0 pb-0 mt-0 pt-0 wp-elements-e3df36bb91fd8d5214910ea700d5d77b\" style=\"font-family:Montserrat;line-height:1;font-weight:600\">DCEA Aulas Magnas<\/p>\n\n\n\n<figure class=\"wp-block-table is-style-regular\"><table class=\"has-primary-color has-background-background-color has-text-color has-background has-link-color has-fixed-layout\"><tbody><tr><td class=\"has-text-align-right\" data-align=\"right\"><strong>9.30 &#8211; 11.30<\/strong><\/td><td>Mesas de trabajo. <br><br><strong>Ejes tem\u00e1ticos:<\/strong> <br><br>&#8211; La importancia de las mujeres en el desarrollo de las universidades p\u00fablica y sus organizaciones sindicales como factor de transformaci\u00f3n social.<br><br>&#8211; La corresponsabilidad con perspectiva de g\u00e9nero en los entornos familiar y social.<br><br>&#8211; Reflexiones y propuestas para fortalecer la participaci\u00f3n femenina.<\/td><\/tr><tr><td class=\"has-text-align-right\" data-align=\"right\"><strong>11.30 &#8211; 12.00<\/strong><\/td><td>Receso<\/td><\/tr><tr><td class=\"has-text-align-right\" data-align=\"right\"><strong>12.00 &#8211; 13.00<\/strong><\/td><td>Videoconferencia<br>\u201cEl derecho humano al cuidado: un imperativo global\u201d<br><br>&#8211; Mtra. Ver\u00f3nica Montufar.<\/td><\/tr><tr><td class=\"has-text-align-right\" data-align=\"right\"><strong>13.00 &#8211; 14.00<\/strong><\/td><td>Conferencia \u201cDel convenio a la acci\u00f3n: estrategias de la ISP para la implementaci\u00f3n del C190 y la erradicaci\u00f3n de la violencia en el \u00e1mbito laboral y sindical\u201d<br><br>&#8211; Claudia Olvera Soule.<\/td><\/tr><tr><td class=\"has-text-align-right\" data-align=\"right\"><strong>14.00 \u2013 16.00<\/strong><\/td><td>Comida Hidalguense.<\/td><\/tr><tr><td class=\"has-text-align-right\" data-align=\"right\"><\/td><td>Tarde libre<\/td><\/tr><\/tbody><\/table><\/figure>\n<\/div><\/div>\n\n\n\n<div class=\"wp-block-cover is-style-default coblocks-animate\" style=\"min-height:191px;aspect-ratio:unset;\" data-coblocks-animation=\"slideInBottom\"><span aria-hidden=\"true\" class=\"wp-block-cover__background has-subtle-background-background-color has-background-dim-100 has-background-dim\"><\/span><div class=\"wp-block-cover__inner-container is-layout-constrained wp-block-cover-is-layout-constrained\">\n<p class=\"has-text-align-center has-montserrat-font-family has-large-font-size has-custom-font has-custom-weight has-custom-lineheight mb-0 pb-0 mt-0 pt-0\" style=\"font-family:Montserrat;line-height:1;font-weight:800\">Viernes 27 de marzo<\/p>\n\n\n\n<p class=\"has-text-align-center has-accent-color has-text-color has-link-color has-montserrat-font-family has-custom-font has-custom-weight has-custom-lineheight mb-0 pb-0 mt-0 pt-0 wp-elements-1b7466de622b47155d634627470a9819\" style=\"font-family:Montserrat;line-height:1;font-weight:600\">Hotel Real de Minas<\/p>\n\n\n\n<figure class=\"wp-block-table is-style-regular\"><table class=\"has-primary-color has-background-background-color has-text-color has-background has-link-color has-fixed-layout\"><tbody><tr><td class=\"has-text-align-right\" data-align=\"right\"><strong>8.00 \u2013 10.00<\/strong><\/td><td>Desayuno \u201cD\u00eda de la Mujer\u201d<\/td><\/tr><tr><td class=\"has-text-align-right\" data-align=\"right\"><\/td><td>Clausura<\/td><\/tr><\/tbody><\/table><\/figure>\n<\/div><\/div>\n\n\n\n<p class=\"has-text-color has-link-color has-montserrat-font-family has-custom-font wp-elements-5a111519f8af66812aec713b0818fe7d\" id=\"convoca\" style=\"color:#000000;font-family:Montserrat;font-size:12px\">* Programaci\u00f3n sujeta a cambios<br>* Cost\u00f3 de participaci\u00f3n por asistente: $500.00 (quinientos pesos m.n. 00\/100).<\/p>\n\n\n\n<p class=\"has-text-align-center has-text-color has-montserrat-font-family has-custom-font\" style=\"color:#db3a8d;font-family:Montserrat\">&#8212;&#8212;&#8212; \/ \/ &#8212;&#8212;&#8212;<\/p>\n\n\n\n<div class=\"wp-block-columns are-vertically-aligned-center has-primary-color has-background-background-color has-text-color has-background has-link-color has-small-font-size wp-elements-65fd27edcd59f69103c921edba85cca9 is-layout-flex wp-container-core-columns-is-layout-9d6595d7 wp-block-columns-is-layout-flex\">\n<div class=\"wp-block-column is-vertically-aligned-center is-layout-flow wp-block-column-is-layout-flow\" style=\"flex-basis:50%\">\n<h5 class=\"wp-block-heading has-text-align-center has-montserrat-font-family has-custom-font has-custom-weight has-custom-lineheight has-custom-letterspacing\" style=\"font-family:Montserrat;line-height:1;letter-spacing:2.2px;font-weight:normal;font-size:22px\">Asistencia a<br>congreso:<\/h5>\n<\/div>\n\n\n\n<div class=\"wp-block-column is-vertically-aligned-center is-layout-flow wp-block-column-is-layout-flow\" style=\"flex-basis:50%\">\n<div class=\"wp-block-buttons is-content-justification-center is-layout-flex wp-container-core-buttons-is-layout-5590e8cb wp-block-buttons-is-layout-flex\">\n<div class=\"wp-block-button has-custom-width wp-block-button__width-75 is-style-shadow has-custom-font\" style=\"font-family:Montserrat\"><a class=\"wp-block-button__link has-primary-color has-text-color has-background has-link-color has-montserrat-font-family wp-element-button\" href=\"https:\/\/docs.google.com\/forms\/d\/e\/1FAIpQLSeIoal257dHh-y9Hff5YleMxTZ6FF-13AUfDJmG6zEi-w8xGA\/viewform\" style=\"border-top-left-radius:0px;border-top-right-radius:0px;border-bottom-left-radius:0px;border-bottom-right-radius:0px;background-color:#db3a8d\" target=\"_blank\" rel=\"noreferrer noopener\">Registro<\/a><\/div>\n<\/div>\n<\/div>\n<\/div>\n","protected":false},"excerpt":{"rendered":"<p>* Programaci\u00f3n sujeta a cambios* Cost\u00f3 de participaci\u00f3n por asistente: $500.00 (quinientos pesos m.n. 00\/100). &#8212;&#8212;&#8212; \/ \/ &#8212;&#8212;&#8212; Asistencia acongreso:<\/p>\n","protected":false},"author":1,"featured_media":0,"parent":0,"menu_order":0,"comment_status":"closed","ping_status":"closed","template":"","meta":{"_coblocks_attr":"Montserrat,Montserrat","_coblocks_dimensions":"","_coblocks_responsive_height":"","_coblocks_accordion_ie_support":"","footnotes":""},"class_list":["post-1077","page","type-page","status-publish","hentry"],"_links":{"self":[{"href":"https:\/\/aspaaug2015.com\/MuSiUni\/wp-json\/wp\/v2\/pages\/1077","targetHints":{"allow":["GET"]}}],"collection":[{"href":"https:\/\/aspaaug2015.com\/MuSiUni\/wp-json\/wp\/v2\/pages"}],"about":[{"href":"https:\/\/aspaaug2015.com\/MuSiUni\/wp-json\/wp\/v2\/types\/page"}],"author":[{"embeddable":true,"href":"https:\/\/aspaaug2015.com\/MuSiUni\/wp-json\/wp\/v2\/users\/1"}],"replies":[{"embeddable":true,"href":"https:\/\/aspaaug2015.com\/MuSiUni\/wp-json\/wp\/v2\/comments?post=1077"}],"version-history":[{"count":57,"href":"https:\/\/aspaaug2015.com\/MuSiUni\/wp-json\/wp\/v2\/pages\/1077\/revisions"}],"predecessor-version":[{"id":1227,"href":"https:\/\/aspaaug2015.com\/MuSiUni\/wp-json\/wp\/v2\/pages\/1077\/revisions\/1227"}],"wp:attachment":[{"href":"https:\/\/aspaaug2015.com\/MuSiUni\/wp-json\/wp\/v2\/media?parent=1077"}],"curies":[{"name":"wp","href":"https:\/\/api.w.org\/{rel}","templated":true}]}}